{"version":"1.0","provider_name":"VVV-kantoren van Le Roeulx","provider_url":"https:\/\/www.leroeulxtourisme.be\/nl","author_name":"Dimitri","author_url":"https:\/\/www.leroeulxtourisme.be\/nl\/author\/ddeblander\/","title":"Randonn\u00e9e v\u00e9lo de la CUC - VVV-kantoren van Le Roeulx","type":"rich","width":600,"height":338,"html":"<blockquote class=\"wp-embedded-content\" data-secret=\"1uGF6YtgKQ\"><a href=\"https:\/\/www.leroeulxtourisme.be\/nl\/evenement\/randonnee-velo-2021-de-la-cuc\/\">Randonn\u00e9e v\u00e9lo de la CUC<\/a><\/blockquote><iframe sandbox=\"allow-scripts\" security=\"restricted\" src=\"https:\/\/www.leroeulxtourisme.be\/nl\/evenement\/randonnee-velo-2021-de-la-cuc\/embed\/#?secret=1uGF6YtgKQ\" width=\"600\" height=\"338\" title=\"&#8220;Randonn\u00e9e v\u00e9lo de la CUC&#8221; &#8212; VVV-kantoren van Le Roeulx\" data-secret=\"1uGF6YtgKQ\" frameborder=\"0\" marginwidth=\"0\" marginheight=\"0\" scrolling=\"no\" class=\"wp-embedded-content\"><\/iframe><script type=\"text\/javascript\">\n\/*! This file is auto-generated *\/\n!function(c,d){\"use strict\";var e=!1,o=!1;if(d.querySelector)if(c.addEventListener)e=!0;if(c.wp=c.wp||{},!c.wp.receiveEmbedMessage)if(c.wp.receiveEmbedMessage=function(e){var t=e.data;if(t)if(t.secret||t.message||t.value)if(!\/[^a-zA-Z0-9]\/.test(t.secret)){for(var r,a,i,s=d.querySelectorAll('iframe[data-secret=\"'+t.secret+'\"]'),n=d.querySelectorAll('blockquote[data-secret=\"'+t.secret+'\"]'),o=0;o<n.length;o++)n[o].style.display=\"none\";for(o=0;o<s.length;o++)if(r=s[o],e.source===r.contentWindow){if(r.removeAttribute(\"style\"),\"height\"===t.message){if(1e3<(i=parseInt(t.value,10)))i=1e3;else if(~~i<200)i=200;r.height=i}if(\"link\"===t.message)if(a=d.createElement(\"a\"),i=d.createElement(\"a\"),a.href=r.getAttribute(\"src\"),i.href=t.value,i.host===a.host)if(d.activeElement===r)c.top.location.href=t.value}}},e)c.addEventListener(\"message\",c.wp.receiveEmbedMessage,!1),d.addEventListener(\"DOMContentLoaded\",t,!1),c.addEventListener(\"load\",t,!1);function t(){if(!o){o=!0;for(var e,t,r,a=-1!==navigator.appVersion.indexOf(\"MSIE 10\"),i=!!navigator.userAgent.match(\/Trident.*rv:11\\.\/),s=d.querySelectorAll(\"iframe.wp-embedded-content\"),n=0;n<s.length;n++){if(!(r=(t=s[n]).getAttribute(\"data-secret\")))r=Math.random().toString(36).substr(2,10),t.src+=\"#?secret=\"+r,t.setAttribute(\"data-secret\",r);if(a||i)(e=t.cloneNode(!0)).removeAttribute(\"security\"),t.parentNode.replaceChild(e,t);t.contentWindow.postMessage({message:\"ready\",secret:r},\"*\")}}}}(window,document);\n<\/script>\n","thumbnail_url":"https:\/\/www.leroeulxtourisme.be\/wp-content\/uploads\/2021\/08\/CUC2.png","thumbnail_width":1587,"thumbnail_height":2245,"description":"La 10\u00e8me Randonn\u00e9e V\u00e9lo de la Communaut\u00e9 Urbaine du Centre aura lieu le dimanche 22 ao\u00fbt 2021. Chaque ann\u00e9e, un nouveau lieu de d\u00e9part est d\u00e9fini et de nouveaux parcours sont propos\u00e9s. L\u2019\u00e9dition 2021 partira de la Place Hardat \u00e0 Thieu. Lire la suite"}